{"id":261,"date":"2026-01-26T12:27:44","date_gmt":"2026-01-26T12:27:44","guid":{"rendered":"https:\/\/www.domitur.pt\/journeys-pt\/desporto-e-eventos\/"},"modified":"2026-04-27T16:53:54","modified_gmt":"2026-04-27T16:53:54","slug":"desporto-e-eventos","status":"publish","type":"page","link":"https:\/\/www.domitur.pt\/pt-pt\/viagens\/desporto-e-eventos\/","title":{"rendered":"Desporto &#038; Eventos"},"content":{"rendered":"\n<div class=\"wp-block-kobu-custom-blocks-responsive-spacer responsive-spacer size-large\"><\/div>\n\n<div class=\"wp-block-kobu-custom-blocks-inner-content-img alignwide media-content-group child-item align-right valign-center img-last alignwide-1 animated-image\"><div class=\"content-col\"><div class=\"content-col-wrapper\">\n<h2 class=\"wp-block-heading\">Onde o desempenho encontra prop\u00f3sito<\/h2>\n\n\n\n<h3 class=\"wp-block-heading has-medium-large-font-size\">Na Domitur Travel, acreditamos que o desporto e os eventos s\u00e3o formas poderosas de criar la\u00e7os \u2014 entre pessoas, lugares, equipas e objetivos.<\/h3>\n\n\n\n<p>Portugal oferece condi\u00e7\u00f5es excecionais para programas desportivos de alto rendimento, torneios internacionais, est\u00e1gios de treino e eventos empresariais ou institucionais. Na Domitur, estes contextos n\u00e3o s\u00e3o tratados como opera\u00e7\u00f5es de rotina, mas sim como percursos cuidadosamente concebidos, em total sintonia com os objetivos de cada parceiro.<\/p>\n\n\n\n<p>Com base em d\u00e9cadas de experi\u00eancia e num profundo conhecimento local, concebemos programas desportivos e de eventos personalizados que combinam excel\u00eancia operacional com autenticidade, sustentabilidade e um profundo respeito pelo destino.<\/p>\n<\/div><\/div><div class=\"media-col\"><figure><img loading=\"lazy\" decoding=\"async\" width=\"1600\" height=\"1833\" class=\"wp-image-36135\" src=\"https:\/\/www.domitur.pt\/files\/uploads\/2026\/04\/01-sports-and-events-paddle-board.webp\" alt=\"\" title=\"01-sports-and-events-paddle-board\" sizes=\"auto, (min-width: 1201px) 35vw, (min-width: 601px) 50vw, 100vw\" srcset=\"https:\/\/www.domitur.pt\/files\/uploads\/2026\/04\/01-sports-and-events-paddle-board.webp 1600w, https:\/\/www.domitur.pt\/files\/uploads\/2026\/04\/01-sports-and-events-paddle-board-262x300.webp 262w, https:\/\/www.domitur.pt\/files\/uploads\/2026\/04\/01-sports-and-events-paddle-board-894x1024.webp 894w, https:\/\/www.domitur.pt\/files\/uploads\/2026\/04\/01-sports-and-events-paddle-board-768x880.webp 768w, https:\/\/www.domitur.pt\/files\/uploads\/2026\/04\/01-sports-and-events-paddle-board-1341x1536.webp 1341w\" \/><\/figure><\/div><\/div>\n\n<div class=\"wp-block-kobu-custom-blocks-responsive-spacer responsive-spacer size-large\"><\/div>\n\n<div class=\"wp-block-kobu-custom-blocks-inner-content-img alignfull media-content-group child-item align-left valign-start img-last\"><div class=\"content-col\"><div class=\"content-col-wrapper\">\n<div class=\"wp-block-kobu-custom-blocks-responsive-spacer responsive-spacer size-large\"><\/div>\n\n\n\n<h2 class=\"wp-block-heading\">personalizado-por-natureza<\/h2>\n\n\n\n<p class=\"has-text-align-left\">Cada projeto desportivo ou evento \u00e9 \u00fanico. \u00c9 por isso que a Domitur Travel trabalha em estreita colabora\u00e7\u00e3o com os seus parceiros para criar solu\u00e7\u00f5es personalizadas, adaptadas \u00e0 disciplina espec\u00edfica ou ao formato do evento, aos requisitos competitivos, t\u00e9cnicos e log\u00edsticos, ao perfil do grupo, ao calend\u00e1rio e aos objetivos, bem como \u00e0 integra\u00e7\u00e3o local e a experi\u00eancias aut\u00eanticas.<\/p>\n<\/div><\/div><div class=\"media-col\"><figure><img loading=\"lazy\" decoding=\"async\" width=\"1442\" height=\"1062\" class=\"wp-image-36201\" src=\"https:\/\/www.domitur.pt\/files\/uploads\/2026\/04\/lua-escudeiro-horizontal-1.webp\" alt=\"\" title=\"lua-escudeiro-horizontal\" sizes=\"auto, (min-width: 601px) 50vw, 100vw\" srcset=\"https:\/\/www.domitur.pt\/files\/uploads\/2026\/04\/lua-escudeiro-horizontal-1.webp 1442w, https:\/\/www.domitur.pt\/files\/uploads\/2026\/04\/lua-escudeiro-horizontal-1-300x221.webp 300w, https:\/\/www.domitur.pt\/files\/uploads\/2026\/04\/lua-escudeiro-horizontal-1-1024x754.webp 1024w, https:\/\/www.domitur.pt\/files\/uploads\/2026\/04\/lua-escudeiro-horizontal-1-768x566.webp 768w\" \/><figcaption>Surfer Lua Escudeiro<\/figcaption><\/figure><\/div><\/div>\n\n<div class=\"wp-block-kobu-custom-blocks-responsive-spacer responsive-spacer size-large\"><\/div>\n\n<div class=\"wp-block-kobu-custom-blocks-inner-content-img alignfull media-content-group child-item align-right valign-start img-last\"><div class=\"content-col\"><div class=\"content-col-wrapper\">\n<div class=\"wp-block-kobu-custom-blocks-responsive-spacer responsive-spacer size-large\"><\/div>\n\n\n\n<h2 class=\"wp-block-heading\">Conhecimento especializado em que pode confiar<\/h2>\n\n\n\n<p class=\"has-text-align-left\">A Domitur Travel \u00e9 uma DMC experiente e especializada, que conta com a confian\u00e7a de operadores tur\u00edsticos, ag\u00eancias e organiza\u00e7\u00f5es desportivas em todo o mundo. A nossa equipa garante uma log\u00edstica discreta e eficiente, fornecedores e locais de evento de confian\u00e7a, uma coordena\u00e7\u00e3o perfeita no terreno e um apoio proativo em todas as fases<\/p>\n<\/div><\/div><div class=\"media-col\"><figure><img loading=\"lazy\" decoding=\"async\" width=\"1440\" height=\"961\" class=\"wp-image-36151\" src=\"https:\/\/www.domitur.pt\/files\/uploads\/2026\/04\/wedding-2.webp\" alt=\"\" title=\"wedding-2\" sizes=\"auto, (min-width: 601px) 50vw, 100vw\" srcset=\"https:\/\/www.domitur.pt\/files\/uploads\/2026\/04\/wedding-2.webp 1440w, https:\/\/www.domitur.pt\/files\/uploads\/2026\/04\/wedding-2-300x200.webp 300w, https:\/\/www.domitur.pt\/files\/uploads\/2026\/04\/wedding-2-1024x683.webp 1024w, https:\/\/www.domitur.pt\/files\/uploads\/2026\/04\/wedding-2-768x513.webp 768w\" \/><\/figure><\/div><\/div>\n\n<div class=\"wp-block-kobu-custom-blocks-responsive-spacer responsive-spacer size-large\"><\/div>\n\n<div class=\"wp-block-kobu-custom-blocks-inner-content-img alignfull media-content-group child-item align-left valign-start img-last\"><div class=\"content-col\"><div class=\"content-col-wrapper\">\n<div class=\"wp-block-kobu-custom-blocks-responsive-spacer responsive-spacer size-large\"><\/div>\n\n\n\n<h2 class=\"wp-block-heading\">Mais do que eventos.<br\/>Liga\u00e7\u00f5es genu\u00ednas.<\/h2>\n\n\n\n<p class=\"has-text-align-left\">N\u00e3o nos limitamos a organizar programas ou eventos desportivos. Criamos la\u00e7os \u2014 entre os atletas e o local, as equipas e a cultura local, o desempenho e o significado \u2014, promovendo pr\u00e1ticas de turismo conscientes e sustent\u00e1veis.<\/p>\n<\/div><\/div><div class=\"media-col\"><figure><img loading=\"lazy\" decoding=\"async\" width=\"1920\" height=\"1281\" class=\"wp-image-36137\" src=\"https:\/\/www.domitur.pt\/files\/uploads\/2026\/04\/04-sports-and-events-dance.webp\" alt=\"\" title=\"04-sports-and-events-dance\" sizes=\"auto, (min-width: 601px) 50vw, 100vw\" srcset=\"https:\/\/www.domitur.pt\/files\/uploads\/2026\/04\/04-sports-and-events-dance.webp 1920w, https:\/\/www.domitur.pt\/files\/uploads\/2026\/04\/04-sports-and-events-dance-300x200.webp 300w, https:\/\/www.domitur.pt\/files\/uploads\/2026\/04\/04-sports-and-events-dance-1024x683.webp 1024w, https:\/\/www.domitur.pt\/files\/uploads\/2026\/04\/04-sports-and-events-dance-768x512.webp 768w, https:\/\/www.domitur.pt\/files\/uploads\/2026\/04\/04-sports-and-events-dance-1536x1025.webp 1536w\" \/><\/figure><\/div><\/div>\n\n<div class=\"wp-block-kobu-custom-blocks-responsive-spacer responsive-spacer size-large\"><\/div>\n\n<div class=\"wp-block-kobu-custom-blocks-inner-content-img alignfull media-content-group child-item align-right valign-start img-last\"><div class=\"content-col\"><div class=\"content-col-wrapper\">\n<div class=\"wp-block-kobu-custom-blocks-responsive-spacer responsive-spacer size-large\"><\/div>\n\n\n\n<h2 class=\"wp-block-heading\">Um parceiro de confian\u00e7a em Portugal<\/h2>\n\n\n\n<p class=\"has-text-align-left\">Presente em Portugal desde 1988, a Domitur Travel constr\u00f3i rela\u00e7\u00f5es duradouras e transparentes, baseadas na confian\u00e7a, na precis\u00e3o e numa ambi\u00e7\u00e3o partilhada. O nosso compromisso \u00e9 proporcionar experi\u00eancias desportivas e de eventos excecionais e personalizadas, que superem as expectativas.<\/p>\n<\/div><\/div><div class=\"media-col\"><figure><img loading=\"lazy\" decoding=\"async\" width=\"1920\" height=\"1280\" class=\"wp-image-36138\" src=\"https:\/\/www.domitur.pt\/files\/uploads\/2026\/04\/05-sports-and-events-running.webp\" alt=\"\" title=\"05-sports-and-events-running\" sizes=\"auto, (min-width: 601px) 50vw, 100vw\" srcset=\"https:\/\/www.domitur.pt\/files\/uploads\/2026\/04\/05-sports-and-events-running.webp 1920w, https:\/\/www.domitur.pt\/files\/uploads\/2026\/04\/05-sports-and-events-running-300x200.webp 300w, https:\/\/www.domitur.pt\/files\/uploads\/2026\/04\/05-sports-and-events-running-1024x683.webp 1024w, https:\/\/www.domitur.pt\/files\/uploads\/2026\/04\/05-sports-and-events-running-768x512.webp 768w, https:\/\/www.domitur.pt\/files\/uploads\/2026\/04\/05-sports-and-events-running-1536x1024.webp 1536w\" \/><\/figure><\/div><\/div>\n\n<div class=\"wp-block-kobu-custom-blocks-responsive-spacer responsive-spacer size-large\"><\/div>\n<div class=\"container-wrapper alignfull testimonials-slider-block\">\n\t<div class=\"container xlarge\">\n\t\t<div class=\"slider-gallery multiple\"><ul class=\"gallery\" role=\"list\" data-slide=\"0\" tabindex=\"0\"><li class=\"slide\" role=\"listitem\">\t\t\t\t\t<div class=\"testimonials-card\">\n\t\t\t\t\t\t<div class=\"testimonial-wrapper\">\n\t\t\t\t\t\t\t<h3>Planeamento log\u00edstico excelente, \u00f3tima escolha de hot\u00e9is e equipa de apoio local em Portugal.<\/h3>\n\t\t\t\t\t\t<\/div>\n\t\t\t\t\t\t<h4>Feedback final do cliente ao nosso operador<\/h4>\n\t\t\t\t\t<\/div>\n\t\t\t\t\t<\/li>\n\t\t\t<\/ul><\/div>\t<\/div>\n<\/div>\n<div class=\"wp-block-kobu-custom-blocks-section-wrapper alignfull kobu-section\">\n<div class=\"wp-block-kobu-custom-blocks-responsive-spacer responsive-spacer size-large\"><\/div>\n\n\n\n<h2 class=\"wp-block-heading alignwide has-text-align-center has-huge-font-size\">Artigos<\/h2>\n\n\n\n<div class=\"wp-block-kobu-custom-blocks-responsive-spacer responsive-spacer size-medium\"><\/div>\n\n\n<div class=\"container-wrapper alignfull posts-slider-block slider-article\">\n\t<div class=\"container xlarge\">\n\t\t\t\t\t\t<div class=\"slider-gallery multiple\">\n\t\t\t\t\t<ul class=\"gallery\" role=\"list\" data-slide=\"0\" tabindex=\"0\">\n\t\t\t\t\t\t\n<li class=\"article article-card slide \" role=\"listitem\">\n\t<a href=\"https:\/\/www.domitur.pt\/pt-pt\/os-jardins-verticais-do-douro\/\">\n\t\t\t\t\t<div class=\"fixed-ratio-img\">\n\t\t\t\t<img loading=\"lazy\" decoding=\"async\" width=\"640\" height=\"427\" src=\"https:\/\/www.domitur.pt\/files\/uploads\/2026\/03\/Art.4-0-cover-768x512.webp\" class=\"coverimg\" alt=\"\" sizes=\"auto, (min-width: 993px) 33vw, (min-width: 601px) 50vw, 100vw\" srcset=\"https:\/\/www.domitur.pt\/files\/uploads\/2026\/03\/Art.4-0-cover-768x512.webp 768w, https:\/\/www.domitur.pt\/files\/uploads\/2026\/03\/Art.4-0-cover-300x200.webp 300w, https:\/\/www.domitur.pt\/files\/uploads\/2026\/03\/Art.4-0-cover-1024x683.webp 1024w, https:\/\/www.domitur.pt\/files\/uploads\/2026\/03\/Art.4-0-cover-1536x1024.webp 1536w, https:\/\/www.domitur.pt\/files\/uploads\/2026\/03\/Art.4-0-cover.webp 1920w\" \/>\t\t\t<\/div>\n\t\t\t\t<div class=\"content-wrapper\">\n\t\t\t<div class=\"post-date-and-categories\">\n\t\t\t\t<div class=\"post-date\">11 de mar\u00e7o, 2026<\/div>\n\t\t\t\t<div class=\"categories\"><span>Wine Tours<\/span><\/div>\t\t\t<\/div>\n\t\t\t<h3 class=\"post-title\">Os jardins verticais do Douro<\/h3>\n\t\t\t<div class=\"read-more btn ghost-primary small\">ler artigo<\/div>\n\t\t<\/div>\n\t<\/a>\n<\/li>\n<li class=\"article article-card slide \" role=\"listitem\">\n\t<a href=\"https:\/\/www.domitur.pt\/pt-pt\/dos-campos-costeiros-as-lendas-dos-campeonatos\/\">\n\t\t\t\t\t<div class=\"fixed-ratio-img\">\n\t\t\t\t<img loading=\"lazy\" decoding=\"async\" width=\"640\" height=\"360\" src=\"https:\/\/www.domitur.pt\/files\/uploads\/2026\/03\/from-coastal-links-to-championship-legends-768x432.webp\" class=\"coverimg\" alt=\"\" sizes=\"auto, (min-width: 993px) 33vw, (min-width: 601px) 50vw, 100vw\" srcset=\"https:\/\/www.domitur.pt\/files\/uploads\/2026\/03\/from-coastal-links-to-championship-legends-768x432.webp 768w, https:\/\/www.domitur.pt\/files\/uploads\/2026\/03\/from-coastal-links-to-championship-legends-300x169.webp 300w, https:\/\/www.domitur.pt\/files\/uploads\/2026\/03\/from-coastal-links-to-championship-legends-1024x576.webp 1024w, https:\/\/www.domitur.pt\/files\/uploads\/2026\/03\/from-coastal-links-to-championship-legends-1536x864.webp 1536w, https:\/\/www.domitur.pt\/files\/uploads\/2026\/03\/from-coastal-links-to-championship-legends.webp 1920w\" \/>\t\t\t<\/div>\n\t\t\t\t<div class=\"content-wrapper\">\n\t\t\t<div class=\"post-date-and-categories\">\n\t\t\t\t<div class=\"post-date\">11 de mar\u00e7o, 2026<\/div>\n\t\t\t\t<div class=\"categories\"><span>Golfe<\/span><\/div>\t\t\t<\/div>\n\t\t\t<h3 class=\"post-title\">Dos campos costeiros \u00e0s lendas dos campeonatos<\/h3>\n\t\t\t<div class=\"read-more btn ghost-primary small\">ler artigo<\/div>\n\t\t<\/div>\n\t<\/a>\n<\/li>\n<li class=\"article article-card slide \" role=\"listitem\">\n\t<a href=\"https:\/\/www.domitur.pt\/pt-pt\/o-portugal-que-nunca-vai-esquecer\/\">\n\t\t\t\t\t<div class=\"fixed-ratio-img\">\n\t\t\t\t<img loading=\"lazy\" decoding=\"async\" width=\"640\" height=\"360\" src=\"https:\/\/www.domitur.pt\/files\/uploads\/2026\/03\/Art2-0-cover-768x432.webp\" class=\"coverimg\" alt=\"\" sizes=\"auto, (min-width: 993px) 33vw, (min-width: 601px) 50vw, 100vw\" srcset=\"https:\/\/www.domitur.pt\/files\/uploads\/2026\/03\/Art2-0-cover-768x432.webp 768w, https:\/\/www.domitur.pt\/files\/uploads\/2026\/03\/Art2-0-cover-300x169.webp 300w, https:\/\/www.domitur.pt\/files\/uploads\/2026\/03\/Art2-0-cover-1024x575.webp 1024w, https:\/\/www.domitur.pt\/files\/uploads\/2026\/03\/Art2-0-cover-1536x863.webp 1536w, https:\/\/www.domitur.pt\/files\/uploads\/2026\/03\/Art2-0-cover.webp 1920w\" \/>\t\t\t<\/div>\n\t\t\t\t<div class=\"content-wrapper\">\n\t\t\t<div class=\"post-date-and-categories\">\n\t\t\t\t<div class=\"post-date\">11 de mar\u00e7o, 2026<\/div>\n\t\t\t\t<div class=\"categories\"><span>Luxury Travel<\/span><\/div>\t\t\t<\/div>\n\t\t\t<h3 class=\"post-title\">O Portugal que nunca vai esquecer<\/h3>\n\t\t\t<div class=\"read-more btn ghost-primary small\">ler artigo<\/div>\n\t\t<\/div>\n\t<\/a>\n<\/li>\n<li class=\"article article-card slide \" role=\"listitem\">\n\t<a href=\"https:\/\/www.domitur.pt\/pt-pt\/como-planear-viagem-sustentavel-eficaz\/\">\n\t\t\t\t\t<div class=\"fixed-ratio-img\">\n\t\t\t\t<img loading=\"lazy\" decoding=\"async\" width=\"640\" height=\"360\" src=\"https:\/\/www.domitur.pt\/files\/uploads\/2024\/10\/17-768x432.jpg\" class=\"coverimg\" alt=\"\" sizes=\"auto, (min-width: 993px) 33vw, (min-width: 601px) 50vw, 100vw\" srcset=\"https:\/\/www.domitur.pt\/files\/uploads\/2024\/10\/17-768x432.jpg 768w, https:\/\/www.domitur.pt\/files\/uploads\/2024\/10\/17-300x169.jpg 300w, https:\/\/www.domitur.pt\/files\/uploads\/2024\/10\/17-1024x576.jpg 1024w, https:\/\/www.domitur.pt\/files\/uploads\/2024\/10\/17.jpg 1280w\" \/>\t\t\t<\/div>\n\t\t\t\t<div class=\"content-wrapper\">\n\t\t\t<div class=\"post-date-and-categories\">\n\t\t\t\t<div class=\"post-date\">7 de novembro, 2024<\/div>\n\t\t\t\t<div class=\"categories\"><span>Nature Tours<\/span><\/div>\t\t\t<\/div>\n\t\t\t<h3 class=\"post-title\">Como planear uma viagem sustent\u00e1vel de forma eficaz<\/h3>\n\t\t\t<div class=\"read-more btn ghost-primary small\">ler artigo<\/div>\n\t\t<\/div>\n\t<\/a>\n<\/li>\n<li class=\"article article-card slide \" role=\"listitem\">\n\t<a href=\"https:\/\/www.domitur.pt\/pt-pt\/grutas-benagil-atividades-verao-sup-caiaque-passeio-barco\/\">\n\t\t\t\t\t<div class=\"fixed-ratio-img\">\n\t\t\t\t<img loading=\"lazy\" decoding=\"async\" width=\"640\" height=\"428\" src=\"https:\/\/www.domitur.pt\/files\/uploads\/2024\/07\/benagil-benagil-cave-stand-up-paddleboard-tour-at-sunrise-3426546-768x513.webp\" class=\"coverimg\" alt=\"\" sizes=\"auto, (min-width: 993px) 33vw, (min-width: 601px) 50vw, 100vw\" srcset=\"https:\/\/www.domitur.pt\/files\/uploads\/2024\/07\/benagil-benagil-cave-stand-up-paddleboard-tour-at-sunrise-3426546-768x513.webp 768w, https:\/\/www.domitur.pt\/files\/uploads\/2024\/07\/benagil-benagil-cave-stand-up-paddleboard-tour-at-sunrise-3426546-300x200.webp 300w, https:\/\/www.domitur.pt\/files\/uploads\/2024\/07\/benagil-benagil-cave-stand-up-paddleboard-tour-at-sunrise-3426546-1024x683.webp 1024w, https:\/\/www.domitur.pt\/files\/uploads\/2024\/07\/benagil-benagil-cave-stand-up-paddleboard-tour-at-sunrise-3426546.webp 1500w\" \/>\t\t\t<\/div>\n\t\t\t\t<div class=\"content-wrapper\">\n\t\t\t<div class=\"post-date-and-categories\">\n\t\t\t\t<div class=\"post-date\">15 de julho, 2024<\/div>\n\t\t\t\t<div class=\"categories\"><span>Nature Tours<\/span><\/div>\t\t\t<\/div>\n\t\t\t<h3 class=\"post-title\">Grutas de Benagil \u2013 atividades de ver\u00e3o \u2013 SUP \/ caiaque \/ passeio de barco<\/h3>\n\t\t\t<div class=\"read-more btn ghost-primary small\">ler artigo<\/div>\n\t\t<\/div>\n\t<\/a>\n<\/li>\n<li class=\"article article-card slide \" role=\"listitem\">\n\t<a href=\"https:\/\/www.domitur.pt\/pt-pt\/mergulhe-na-arte-e-na-vida-marinha-o-edp-art-reef-em-albufeira\/\">\n\t\t\t\t\t<div class=\"fixed-ratio-img\">\n\t\t\t\t<img loading=\"lazy\" decoding=\"async\" width=\"640\" height=\"360\" src=\"https:\/\/www.domitur.pt\/files\/uploads\/2024\/07\/dive-into-art-and-marine-life-the-edp-art-reef-in-albufeira-02-768x432.webp\" class=\"coverimg\" alt=\"\" sizes=\"auto, (min-width: 993px) 33vw, (min-width: 601px) 50vw, 100vw\" srcset=\"https:\/\/www.domitur.pt\/files\/uploads\/2024\/07\/dive-into-art-and-marine-life-the-edp-art-reef-in-albufeira-02-768x432.webp 768w, https:\/\/www.domitur.pt\/files\/uploads\/2024\/07\/dive-into-art-and-marine-life-the-edp-art-reef-in-albufeira-02-300x169.webp 300w, https:\/\/www.domitur.pt\/files\/uploads\/2024\/07\/dive-into-art-and-marine-life-the-edp-art-reef-in-albufeira-02-1024x576.webp 1024w, https:\/\/www.domitur.pt\/files\/uploads\/2024\/07\/dive-into-art-and-marine-life-the-edp-art-reef-in-albufeira-02-1536x864.webp 1536w, https:\/\/www.domitur.pt\/files\/uploads\/2024\/07\/dive-into-art-and-marine-life-the-edp-art-reef-in-albufeira-02.webp 1920w\" \/>\t\t\t<\/div>\n\t\t\t\t<div class=\"content-wrapper\">\n\t\t\t<div class=\"post-date-and-categories\">\n\t\t\t\t<div class=\"post-date\">12 de julho, 2024<\/div>\n\t\t\t\t<div class=\"categories\"><span>Nature Tours<\/span><\/div>\t\t\t<\/div>\n\t\t\t<h3 class=\"post-title\">Mergulhe na arte e na vida marinha: o EDP Art Reef em Albufeira<\/h3>\n\t\t\t<div class=\"read-more btn ghost-primary small\">ler artigo<\/div>\n\t\t<\/div>\n\t<\/a>\n<\/li>\n<li class=\"article article-card slide \" role=\"listitem\">\n\t<a href=\"https:\/\/www.domitur.pt\/pt-pt\/mergulho-no-algarve-tudo-o-que-precisa-de-saber\/\">\n\t\t\t\t\t<div class=\"fixed-ratio-img\">\n\t\t\t\t<img loading=\"lazy\" decoding=\"async\" width=\"640\" height=\"311\" src=\"https:\/\/www.domitur.pt\/files\/uploads\/2024\/04\/20180825_160712-scaled-1-1-768x373.jpg\" class=\"coverimg\" alt=\"\" sizes=\"auto, (min-width: 993px) 33vw, (min-width: 601px) 50vw, 100vw\" srcset=\"https:\/\/www.domitur.pt\/files\/uploads\/2024\/04\/20180825_160712-scaled-1-1-768x373.jpg 768w, https:\/\/www.domitur.pt\/files\/uploads\/2024\/04\/20180825_160712-scaled-1-1-300x146.jpg 300w, https:\/\/www.domitur.pt\/files\/uploads\/2024\/04\/20180825_160712-scaled-1-1-1024x498.jpg 1024w, https:\/\/www.domitur.pt\/files\/uploads\/2024\/04\/20180825_160712-scaled-1-1-1536x746.jpg 1536w, https:\/\/www.domitur.pt\/files\/uploads\/2024\/04\/20180825_160712-scaled-1-1-2048x995.jpg 2048w\" \/>\t\t\t<\/div>\n\t\t\t\t<div class=\"content-wrapper\">\n\t\t\t<div class=\"post-date-and-categories\">\n\t\t\t\t<div class=\"post-date\">16 de abril, 2024<\/div>\n\t\t\t\t<div class=\"categories\"><span>Nature Tours<\/span><\/div>\t\t\t<\/div>\n\t\t\t<h3 class=\"post-title\">Mergulho no Algarve: tudo o que precisa de saber!<\/h3>\n\t\t\t<div class=\"read-more btn ghost-primary small\">ler artigo<\/div>\n\t\t<\/div>\n\t<\/a>\n<\/li>\n<li class=\"article article-card slide \" role=\"listitem\">\n\t<a href=\"https:\/\/www.domitur.pt\/pt-pt\/descobrir-os-acores\/\">\n\t\t\t\t\t<div class=\"fixed-ratio-img\">\n\t\t\t\t<img loading=\"lazy\" decoding=\"async\" width=\"640\" height=\"427\" src=\"https:\/\/www.domitur.pt\/files\/uploads\/2023\/06\/800px-Furnas_Sao_Miguel_-_Acores-768x512.jpg\" class=\"coverimg\" alt=\"\" sizes=\"auto, (min-width: 993px) 33vw, (min-width: 601px) 50vw, 100vw\" srcset=\"https:\/\/www.domitur.pt\/files\/uploads\/2023\/06\/800px-Furnas_Sao_Miguel_-_Acores-768x512.jpg 768w, https:\/\/www.domitur.pt\/files\/uploads\/2023\/06\/800px-Furnas_Sao_Miguel_-_Acores-300x200.jpg 300w, https:\/\/www.domitur.pt\/files\/uploads\/2023\/06\/800px-Furnas_Sao_Miguel_-_Acores.jpg 800w\" \/>\t\t\t<\/div>\n\t\t\t\t<div class=\"content-wrapper\">\n\t\t\t<div class=\"post-date-and-categories\">\n\t\t\t\t<div class=\"post-date\">14 de junho, 2023<\/div>\n\t\t\t\t<div class=\"categories\"><span>Nature Tours<\/span><\/div>\t\t\t<\/div>\n\t\t\t<h3 class=\"post-title\">A\u00e7ores: 10 grandes raz\u00f5es para ser o seu pr\u00f3ximo destino de viagem<\/h3>\n\t\t\t<div class=\"read-more btn ghost-primary small\">ler artigo<\/div>\n\t\t<\/div>\n\t<\/a>\n<\/li>\n<li class=\"article article-card slide \" role=\"listitem\">\n\t<a href=\"https:\/\/www.domitur.pt\/pt-pt\/uma-visita-a-mina-de-sal-gema-de-loule\/\">\n\t\t\t\t\t<div class=\"fixed-ratio-img\">\n\t\t\t\t<img loading=\"lazy\" decoding=\"async\" width=\"640\" height=\"360\" src=\"https:\/\/www.domitur.pt\/files\/uploads\/2026\/03\/a-visit-to-the-rock-salt-mine-in-loule-768x432.webp\" class=\"coverimg\" alt=\"\" sizes=\"auto, (min-width: 993px) 33vw, (min-width: 601px) 50vw, 100vw\" srcset=\"https:\/\/www.domitur.pt\/files\/uploads\/2026\/03\/a-visit-to-the-rock-salt-mine-in-loule-768x432.webp 768w, https:\/\/www.domitur.pt\/files\/uploads\/2026\/03\/a-visit-to-the-rock-salt-mine-in-loule-300x169.webp 300w, https:\/\/www.domitur.pt\/files\/uploads\/2026\/03\/a-visit-to-the-rock-salt-mine-in-loule-1024x576.webp 1024w, https:\/\/www.domitur.pt\/files\/uploads\/2026\/03\/a-visit-to-the-rock-salt-mine-in-loule-1536x864.webp 1536w, https:\/\/www.domitur.pt\/files\/uploads\/2026\/03\/a-visit-to-the-rock-salt-mine-in-loule.webp 1920w\" \/>\t\t\t<\/div>\n\t\t\t\t<div class=\"content-wrapper\">\n\t\t\t<div class=\"post-date-and-categories\">\n\t\t\t\t<div class=\"post-date\">11 de maio, 2022<\/div>\n\t\t\t\t<div class=\"categories\"><span>Nature Tours<\/span><\/div>\t\t\t<\/div>\n\t\t\t<h3 class=\"post-title\">Uma Visita \u00e0 Mina de Sal-Gema de Loul\u00e9<\/h3>\n\t\t\t<div class=\"read-more btn ghost-primary small\">ler artigo<\/div>\n\t\t<\/div>\n\t<\/a>\n<\/li>\n<li class=\"article article-card slide \" role=\"listitem\">\n\t<a href=\"https:\/\/www.domitur.pt\/pt-pt\/viaje-para-portugal-com-protecao-contra-a-covid-19\/\">\n\t\t\t\t\t<div class=\"fixed-ratio-img\">\n\t\t\t\t<img loading=\"lazy\" decoding=\"async\" width=\"640\" height=\"391\" src=\"https:\/\/www.domitur.pt\/files\/uploads\/2020\/08\/PARA-ARTIGO-FOTO-TORRE-BELEM-768x469.jpg\" class=\"coverimg\" alt=\"\" sizes=\"auto, (min-width: 993px) 33vw, (min-width: 601px) 50vw, 100vw\" srcset=\"https:\/\/www.domitur.pt\/files\/uploads\/2020\/08\/PARA-ARTIGO-FOTO-TORRE-BELEM-768x469.jpg 768w, https:\/\/www.domitur.pt\/files\/uploads\/2020\/08\/PARA-ARTIGO-FOTO-TORRE-BELEM-300x183.jpg 300w, https:\/\/www.domitur.pt\/files\/uploads\/2020\/08\/PARA-ARTIGO-FOTO-TORRE-BELEM-1024x625.jpg 1024w, https:\/\/www.domitur.pt\/files\/uploads\/2020\/08\/PARA-ARTIGO-FOTO-TORRE-BELEM-1536x938.jpg 1536w, https:\/\/www.domitur.pt\/files\/uploads\/2020\/08\/PARA-ARTIGO-FOTO-TORRE-BELEM.jpg 1920w\" \/>\t\t\t<\/div>\n\t\t\t\t<div class=\"content-wrapper\">\n\t\t\t<div class=\"post-date-and-categories\">\n\t\t\t\t<div class=\"post-date\">14 de agosto, 2020<\/div>\n\t\t\t\t\t\t\t<\/div>\n\t\t\t<h3 class=\"post-title\">Viaje para Portugal com prote\u00e7\u00e3o contra a COVID-19<\/h3>\n\t\t\t<div class=\"read-more btn ghost-primary small\">ler artigo<\/div>\n\t\t<\/div>\n\t<\/a>\n<\/li>\n<li class=\"article article-card slide \" role=\"listitem\">\n\t<a href=\"https:\/\/www.domitur.pt\/pt-pt\/lagos-arribas-coloridas-incriveis-e-paisagens-deslumbrantes\/\">\n\t\t\t\t\t<div class=\"fixed-ratio-img\">\n\t\t\t\t<img loading=\"lazy\" decoding=\"async\" width=\"640\" height=\"466\" src=\"https:\/\/www.domitur.pt\/files\/uploads\/2020\/01\/blog-768x559.png\" class=\"coverimg\" alt=\"\" sizes=\"auto, (min-width: 993px) 33vw, (min-width: 601px) 50vw, 100vw\" srcset=\"https:\/\/www.domitur.pt\/files\/uploads\/2020\/01\/blog-768x559.png 768w, https:\/\/www.domitur.pt\/files\/uploads\/2020\/01\/blog-300x218.png 300w, https:\/\/www.domitur.pt\/files\/uploads\/2020\/01\/blog.png 886w\" \/>\t\t\t<\/div>\n\t\t\t\t<div class=\"content-wrapper\">\n\t\t\t<div class=\"post-date-and-categories\">\n\t\t\t\t<div class=\"post-date\">20 de janeiro, 2020<\/div>\n\t\t\t\t<div class=\"categories\"><span>Nature Tours<\/span><\/div>\t\t\t<\/div>\n\t\t\t<h3 class=\"post-title\">Lagos \u2013 Arribas coloridas incr\u00edveis e paisagens deslumbrantes<\/h3>\n\t\t\t<div class=\"read-more btn ghost-primary small\">ler artigo<\/div>\n\t\t<\/div>\n\t<\/a>\n<\/li>\n<li class=\"article article-card slide \" role=\"listitem\">\n\t<a href=\"https:\/\/www.domitur.pt\/pt-pt\/alivie-a-dor-tensao-e-stress-no-salt-pans-natural-spa\/\">\n\t\t\t\t\t<div class=\"fixed-ratio-img\">\n\t\t\t\t<img loading=\"lazy\" decoding=\"async\" width=\"640\" height=\"853\" src=\"https:\/\/www.domitur.pt\/files\/uploads\/2019\/12\/good1-768x1024.jpg\" class=\"coverimg\" alt=\"\" sizes=\"auto, (min-width: 993px) 33vw, (min-width: 601px) 50vw, 100vw\" srcset=\"https:\/\/www.domitur.pt\/files\/uploads\/2019\/12\/good1-768x1024.jpg 768w, https:\/\/www.domitur.pt\/files\/uploads\/2019\/12\/good1-225x300.jpg 225w, https:\/\/www.domitur.pt\/files\/uploads\/2019\/12\/good1-1152x1536.jpg 1152w, https:\/\/www.domitur.pt\/files\/uploads\/2019\/12\/good1.jpg 1440w\" \/>\t\t\t<\/div>\n\t\t\t\t<div class=\"content-wrapper\">\n\t\t\t<div class=\"post-date-and-categories\">\n\t\t\t\t<div class=\"post-date\">30 de dezembro, 2019<\/div>\n\t\t\t\t<div class=\"categories\"><span>Nature Tours<\/span><\/div>\t\t\t<\/div>\n\t\t\t<h3 class=\"post-title\">Alivie a dor, tens\u00e3o e stress no Salt Pans Natural Spa<\/h3>\n\t\t\t<div class=\"read-more btn ghost-primary small\">ler artigo<\/div>\n\t\t<\/div>\n\t<\/a>\n<\/li>\n<li class=\"article article-card slide \" role=\"listitem\">\n\t<a href=\"https:\/\/www.domitur.pt\/pt-pt\/5-coisas-que-vai-adorar-no-algarve\/\">\n\t\t\t\t\t<div class=\"fixed-ratio-img\">\n\t\t\t\t<img loading=\"lazy\" decoding=\"async\" width=\"640\" height=\"360\" src=\"https:\/\/www.domitur.pt\/files\/uploads\/2026\/03\/5-things-you-will-love-about-algarve-768x432.webp\" class=\"coverimg\" alt=\"\" sizes=\"auto, (min-width: 993px) 33vw, (min-width: 601px) 50vw, 100vw\" srcset=\"https:\/\/www.domitur.pt\/files\/uploads\/2026\/03\/5-things-you-will-love-about-algarve-768x432.webp 768w, https:\/\/www.domitur.pt\/files\/uploads\/2026\/03\/5-things-you-will-love-about-algarve-300x169.webp 300w, https:\/\/www.domitur.pt\/files\/uploads\/2026\/03\/5-things-you-will-love-about-algarve-1024x576.webp 1024w, https:\/\/www.domitur.pt\/files\/uploads\/2026\/03\/5-things-you-will-love-about-algarve-1536x864.webp 1536w, https:\/\/www.domitur.pt\/files\/uploads\/2026\/03\/5-things-you-will-love-about-algarve.webp 1920w\" \/>\t\t\t<\/div>\n\t\t\t\t<div class=\"content-wrapper\">\n\t\t\t<div class=\"post-date-and-categories\">\n\t\t\t\t<div class=\"post-date\">30 de dezembro, 2019<\/div>\n\t\t\t\t<div class=\"categories\"><span>Nature Tours<\/span><\/div>\t\t\t<\/div>\n\t\t\t<h3 class=\"post-title\">5 coisas que vai adorar no Algarve<\/h3>\n\t\t\t<div class=\"read-more btn ghost-primary small\">ler artigo<\/div>\n\t\t<\/div>\n\t<\/a>\n<\/li>\n<li class=\"article article-card slide \" role=\"listitem\">\n\t<a href=\"https:\/\/www.domitur.pt\/pt-pt\/6-lugares-para-visitar-durante-um-passeio-de-bicicleta-no-algarve\/\">\n\t\t\t\t\t<div class=\"fixed-ratio-img\">\n\t\t\t\t<img loading=\"lazy\" decoding=\"async\" width=\"640\" height=\"359\" src=\"https:\/\/www.domitur.pt\/files\/uploads\/2017\/01\/people-2597764_1920smalll-768x431.jpg\" class=\"coverimg\" alt=\"\" sizes=\"auto, (min-width: 993px) 33vw, (min-width: 601px) 50vw, 100vw\" srcset=\"https:\/\/www.domitur.pt\/files\/uploads\/2017\/01\/people-2597764_1920smalll-768x431.jpg 768w, https:\/\/www.domitur.pt\/files\/uploads\/2017\/01\/people-2597764_1920smalll-300x168.jpg 300w, https:\/\/www.domitur.pt\/files\/uploads\/2017\/01\/people-2597764_1920smalll-1024x575.jpg 1024w, https:\/\/www.domitur.pt\/files\/uploads\/2017\/01\/people-2597764_1920smalll-1536x862.jpg 1536w, https:\/\/www.domitur.pt\/files\/uploads\/2017\/01\/people-2597764_1920smalll.jpg 1920w\" \/>\t\t\t<\/div>\n\t\t\t\t<div class=\"content-wrapper\">\n\t\t\t<div class=\"post-date-and-categories\">\n\t\t\t\t<div class=\"post-date\">30 de dezembro, 2019<\/div>\n\t\t\t\t<div class=\"categories\"><span>Nature Tours<\/span><\/div>\t\t\t<\/div>\n\t\t\t<h3 class=\"post-title\">6 lugares para visitar durante um passeio de bicicleta no Algarve<\/h3>\n\t\t\t<div class=\"read-more btn ghost-primary small\">ler artigo<\/div>\n\t\t<\/div>\n\t<\/a>\n<\/li>\n<li class=\"article article-card slide \" role=\"listitem\">\n\t<a href=\"https:\/\/www.domitur.pt\/pt-pt\/um-tour-gastronomico-para-descobrir-olhao-uma-terra-de-sabores-com-historia\/\">\n\t\t\t\t\t<div class=\"fixed-ratio-img\">\n\t\t\t\t<img loading=\"lazy\" decoding=\"async\" width=\"640\" height=\"238\" src=\"https:\/\/www.domitur.pt\/files\/uploads\/2019\/12\/olhao-landscape-768x286.jpg\" class=\"coverimg\" alt=\"\" sizes=\"auto, (min-width: 993px) 33vw, (min-width: 601px) 50vw, 100vw\" srcset=\"https:\/\/www.domitur.pt\/files\/uploads\/2019\/12\/olhao-landscape-768x286.jpg 768w, https:\/\/www.domitur.pt\/files\/uploads\/2019\/12\/olhao-landscape-300x112.jpg 300w, https:\/\/www.domitur.pt\/files\/uploads\/2019\/12\/olhao-landscape-1024x381.jpg 1024w, https:\/\/www.domitur.pt\/files\/uploads\/2019\/12\/olhao-landscape-1536x572.jpg 1536w, https:\/\/www.domitur.pt\/files\/uploads\/2019\/12\/olhao-landscape.jpg 1732w\" \/>\t\t\t<\/div>\n\t\t\t\t<div class=\"content-wrapper\">\n\t\t\t<div class=\"post-date-and-categories\">\n\t\t\t\t<div class=\"post-date\">30 de dezembro, 2019<\/div>\n\t\t\t\t<div class=\"categories\"><span>Nature Tours<\/span><\/div>\t\t\t<\/div>\n\t\t\t<h3 class=\"post-title\">Um tour gastron\u00f3mico para descobrir Olh\u00e3o \u2013 Uma terra de sabores com hist\u00f3ria<\/h3>\n\t\t\t<div class=\"read-more btn ghost-primary small\">ler artigo<\/div>\n\t\t<\/div>\n\t<\/a>\n<\/li>\n<li class=\"article article-card slide \" role=\"listitem\">\n\t<a href=\"https:\/\/www.domitur.pt\/pt-pt\/a-gastronomia-que-nao-pode-perder-no-algarve\/\">\n\t\t\t\t\t<div class=\"fixed-ratio-img\">\n\t\t\t\t<img loading=\"lazy\" decoding=\"async\" width=\"640\" height=\"480\" src=\"https:\/\/www.domitur.pt\/files\/uploads\/2019\/12\/cataplana-de-marisco-768x576.jpg\" class=\"coverimg\" alt=\"\" sizes=\"auto, (min-width: 993px) 33vw, (min-width: 601px) 50vw, 100vw\" srcset=\"https:\/\/www.domitur.pt\/files\/uploads\/2019\/12\/cataplana-de-marisco-768x576.jpg 768w, https:\/\/www.domitur.pt\/files\/uploads\/2019\/12\/cataplana-de-marisco-300x225.jpg 300w, https:\/\/www.domitur.pt\/files\/uploads\/2019\/12\/cataplana-de-marisco-1024x768.jpg 1024w, https:\/\/www.domitur.pt\/files\/uploads\/2019\/12\/cataplana-de-marisco.jpg 1140w\" \/>\t\t\t<\/div>\n\t\t\t\t<div class=\"content-wrapper\">\n\t\t\t<div class=\"post-date-and-categories\">\n\t\t\t\t<div class=\"post-date\">30 de dezembro, 2019<\/div>\n\t\t\t\t<div class=\"categories\"><span>Nature Tours<\/span><\/div>\t\t\t<\/div>\n\t\t\t<h3 class=\"post-title\">A gastronomia que n\u00e3o pode perder no Algarve<\/h3>\n\t\t\t<div class=\"read-more btn ghost-primary small\">ler artigo<\/div>\n\t\t<\/div>\n\t<\/a>\n<\/li>\n<li class=\"article article-card slide \" role=\"listitem\">\n\t<a href=\"https:\/\/www.domitur.pt\/pt-pt\/o-algarve-tornou-se-o-melhor-destino-para-amantes-da-natureza\/\">\n\t\t\t\t\t<div class=\"fixed-ratio-img\">\n\t\t\t\t<img loading=\"lazy\" decoding=\"async\" width=\"640\" height=\"400\" src=\"https:\/\/www.domitur.pt\/files\/uploads\/2019\/12\/Cacela-Velha-2-768x480.jpg\" class=\"coverimg\" alt=\"\" sizes=\"auto, (min-width: 993px) 33vw, (min-width: 601px) 50vw, 100vw\" srcset=\"https:\/\/www.domitur.pt\/files\/uploads\/2019\/12\/Cacela-Velha-2-768x480.jpg 768w, https:\/\/www.domitur.pt\/files\/uploads\/2019\/12\/Cacela-Velha-2-300x188.jpg 300w, https:\/\/www.domitur.pt\/files\/uploads\/2019\/12\/Cacela-Velha-2-1024x640.jpg 1024w, https:\/\/www.domitur.pt\/files\/uploads\/2019\/12\/Cacela-Velha-2-1536x960.jpg 1536w, https:\/\/www.domitur.pt\/files\/uploads\/2019\/12\/Cacela-Velha-2.jpg 2048w\" \/>\t\t\t<\/div>\n\t\t\t\t<div class=\"content-wrapper\">\n\t\t\t<div class=\"post-date-and-categories\">\n\t\t\t\t<div class=\"post-date\">24 de dezembro, 2019<\/div>\n\t\t\t\t<div class=\"categories\"><span>Nature Tours<\/span><\/div>\t\t\t<\/div>\n\t\t\t<h3 class=\"post-title\">O Algarve tornou-se o melhor destino para amantes da natureza<\/h3>\n\t\t\t<div class=\"read-more btn ghost-primary small\">ler artigo<\/div>\n\t\t<\/div>\n\t<\/a>\n<\/li>\n<li class=\"article article-card slide \" role=\"listitem\">\n\t<a href=\"https:\/\/www.domitur.pt\/pt-pt\/guia-para-explorar-a-costa-vicentina-de-bicicleta\/\">\n\t\t\t\t\t<div class=\"fixed-ratio-img\">\n\t\t\t\t<img loading=\"lazy\" decoding=\"async\" width=\"640\" height=\"360\" src=\"https:\/\/www.domitur.pt\/files\/uploads\/2019\/12\/a-guide-for-exploring-costa-vicentina-by-bike-768x432.webp\" class=\"coverimg\" alt=\"\" sizes=\"auto, (min-width: 993px) 33vw, (min-width: 601px) 50vw, 100vw\" srcset=\"https:\/\/www.domitur.pt\/files\/uploads\/2019\/12\/a-guide-for-exploring-costa-vicentina-by-bike-768x432.webp 768w, https:\/\/www.domitur.pt\/files\/uploads\/2019\/12\/a-guide-for-exploring-costa-vicentina-by-bike-300x169.webp 300w, https:\/\/www.domitur.pt\/files\/uploads\/2019\/12\/a-guide-for-exploring-costa-vicentina-by-bike-1024x576.webp 1024w, https:\/\/www.domitur.pt\/files\/uploads\/2019\/12\/a-guide-for-exploring-costa-vicentina-by-bike-1536x864.webp 1536w, https:\/\/www.domitur.pt\/files\/uploads\/2019\/12\/a-guide-for-exploring-costa-vicentina-by-bike.webp 1920w\" \/>\t\t\t<\/div>\n\t\t\t\t<div class=\"content-wrapper\">\n\t\t\t<div class=\"post-date-and-categories\">\n\t\t\t\t<div class=\"post-date\">24 de dezembro, 2019<\/div>\n\t\t\t\t<div class=\"categories\"><span>Nature Tours<\/span><\/div>\t\t\t<\/div>\n\t\t\t<h3 class=\"post-title\">Guia para explorar a Costa Vicentina de bicicleta<\/h3>\n\t\t\t<div class=\"read-more btn ghost-primary small\">ler artigo<\/div>\n\t\t<\/div>\n\t<\/a>\n<\/li>\n<li class=\"article article-card slide \" role=\"listitem\">\n\t<a href=\"https:\/\/www.domitur.pt\/pt-pt\/destaques-da-observacao-de-aves-por-estacao-no-algarve\/\">\n\t\t\t\t\t<div class=\"fixed-ratio-img\">\n\t\t\t\t<img loading=\"lazy\" decoding=\"async\" width=\"640\" height=\"440\" src=\"https:\/\/www.domitur.pt\/files\/uploads\/2026\/04\/Rolieiro-768x528.webp\" class=\"coverimg\" alt=\"Jo\u00e3o Edgar Ferreira - Rolieiro (Coracias Garrulus)\" sizes=\"auto, (min-width: 993px) 33vw, (min-width: 601px) 50vw, 100vw\" srcset=\"https:\/\/www.domitur.pt\/files\/uploads\/2026\/04\/Rolieiro-768x528.webp 768w, https:\/\/www.domitur.pt\/files\/uploads\/2026\/04\/Rolieiro-300x206.webp 300w, https:\/\/www.domitur.pt\/files\/uploads\/2026\/04\/Rolieiro-1024x704.webp 1024w, https:\/\/www.domitur.pt\/files\/uploads\/2026\/04\/Rolieiro.webp 1200w\" \/>\t\t\t<\/div>\n\t\t\t\t<div class=\"content-wrapper\">\n\t\t\t<div class=\"post-date-and-categories\">\n\t\t\t\t<div class=\"post-date\">23 de dezembro, 2019<\/div>\n\t\t\t\t<div class=\"categories\"><span>Nature Tours<\/span><\/div>\t\t\t<\/div>\n\t\t\t<h3 class=\"post-title\">Destaques da observa\u00e7\u00e3o de aves por esta\u00e7\u00e3o no Algarve<\/h3>\n\t\t\t<div class=\"read-more btn ghost-primary small\">ler artigo<\/div>\n\t\t<\/div>\n\t<\/a>\n<\/li>\t\t\t\t\t<\/ul>\n\t\t\t\t<\/div>\n\t\t\t\t<\/div>\n<\/div>\n\n\n<div class=\"wp-block-kobu-custom-blocks-responsive-spacer responsive-spacer size-medium\"><\/div>\n<\/div>\n","protected":false},"excerpt":{"rendered":"","protected":false},"author":1,"featured_media":36144,"parent":247,"menu_order":1005,"comment_status":"closed","ping_status":"closed","template":"","meta":{"_acf_changed":false,"inline_featured_image":false,"footnotes":""},"class_list":["post-261","page","type-page","status-publish","has-post-thumbnail","hentry"],"acf":[],"_links":{"self":[{"href":"https:\/\/www.domitur.pt\/pt-pt\/wp-json\/wp\/v2\/pages\/261","targetHints":{"allow":["GET"]}}],"collection":[{"href":"https:\/\/www.domitur.pt\/pt-pt\/wp-json\/wp\/v2\/pages"}],"about":[{"href":"https:\/\/www.domitur.pt\/pt-pt\/wp-json\/wp\/v2\/types\/page"}],"author":[{"embeddable":true,"href":"https:\/\/www.domitur.pt\/pt-pt\/wp-json\/wp\/v2\/users\/1"}],"replies":[{"embeddable":true,"href":"https:\/\/www.domitur.pt\/pt-pt\/wp-json\/wp\/v2\/comments?post=261"}],"version-history":[{"count":10,"href":"https:\/\/www.domitur.pt\/pt-pt\/wp-json\/wp\/v2\/pages\/261\/revisions"}],"predecessor-version":[{"id":36296,"href":"https:\/\/www.domitur.pt\/pt-pt\/wp-json\/wp\/v2\/pages\/261\/revisions\/36296"}],"up":[{"embeddable":true,"href":"https:\/\/www.domitur.pt\/pt-pt\/wp-json\/wp\/v2\/pages\/247"}],"wp:featuredmedia":[{"embeddable":true,"href":"https:\/\/www.domitur.pt\/pt-pt\/wp-json\/wp\/v2\/media\/36144"}],"wp:attachment":[{"href":"https:\/\/www.domitur.pt\/pt-pt\/wp-json\/wp\/v2\/media?parent=261"}],"curies":[{"name":"wp","href":"https:\/\/api.w.org\/{rel}","templated":true}]}}